{"version":"1.0","provider_name":"Zusammen f\u00fcr Kinder in Not e.V.","provider_url":"https:\/\/zkn-verein.de\/en\/","title":"Soziale und kulturelle Teilhabe - Zusammen f\u00fcr Kinder in Not e.V.","type":"rich","width":600,"height":338,"html":"<blockquote class=\"wp-embedded-content\" data-secret=\"3mVmoMR99t\"><a href=\"https:\/\/zkn-verein.de\/en\/soziale-und-kulturelle-teilhabe-2\/\">Soziale und kulturelle Teilhabe<\/a><\/blockquote><iframe sandbox=\"allow-scripts\" security=\"restricted\" src=\"https:\/\/zkn-verein.de\/en\/soziale-und-kulturelle-teilhabe-2\/embed\/#?secret=3mVmoMR99t\" width=\"600\" height=\"338\" title=\"&#8220;Soziale und kulturelle Teilhabe&#8221; &#8212; Zusammen f\u00fcr Kinder in Not e.V.\" data-secret=\"3mVmoMR99t\" frameborder=\"0\" marginwidth=\"0\" marginheight=\"0\" scrolling=\"no\" class=\"wp-embedded-content\"><\/iframe><script type=\"text\/javascript\">\n\/* <![CDATA[ *\/\n\/*! This file is auto-generated *\/\n!function(d,l){\"use strict\";l.querySelector&&d.addEventListener&&\"undefined\"!=typeof URL&&(d.wp=d.wp||{},d.wp.receiveEmbedMessage||(d.wp.receiveEmbedMessage=function(e){var t=e.data;if((t||t.secret||t.message||t.value)&&!\/[^a-zA-Z0-9]\/.test(t.secret)){for(var s,r,n,a=l.querySelectorAll('iframe[data-secret=\"'+t.secret+'\"]'),o=l.querySelectorAll('blockquote[data-secret=\"'+t.secret+'\"]'),c=new RegExp(\"^https?:$\",\"i\"),i=0;i<o.length;i++)o[i].style.display=\"none\";for(i=0;i<a.length;i++)s=a[i],e.source===s.contentWindow&&(s.removeAttribute(\"style\"),\"height\"===t.message?(1e3<(r=parseInt(t.value,10))?r=1e3:~~r<200&&(r=200),s.height=r):\"link\"===t.message&&(r=new URL(s.getAttribute(\"src\")),n=new URL(t.value),c.test(n.protocol))&&n.host===r.host&&l.activeElement===s&&(d.top.location.href=t.value))}},d.addEventListener(\"message\",d.wp.receiveEmbedMessage,!1),l.addEventListener(\"DOMContentLoaded\",function(){for(var e,t,s=l.querySelectorAll(\"iframe.wp-embedded-content\"),r=0;r<s.length;r++)(t=(e=s[r]).getAttribute(\"data-secret\"))||(t=Math.random().toString(36).substring(2,12),e.src+=\"#?secret=\"+t,e.setAttribute(\"data-secret\",t)),e.contentWindow.postMessage({message:\"ready\",secret:t},\"*\")},!1)))}(window,document);\n\/* ]]> *\/\n<\/script>\n","description":"Allgemeines Um traumatisierende Situationen infolge von Naturkatastrophen bzw. Gewalterfahrungen zu bew\u00e4ltigen, bietet der Verein \u201eZusammen f\u00fcr Kinder in Not\u201c entsprechende Beratungen sowie Erholungs- und Freizeitma\u00dfnahmen an. Dabei wird die k\u00f6rperliche und geistige Partizipation der Kinder gef\u00f6rdert und gest\u00e4rkt. Denn laut UN-Kinderrechtskonvention haben Kinder Recht auf Ruhe und Freizeit, auf Spiel und altersgem\u00e4\u00dfe aktive Erholung sowie &hellip;","thumbnail_url":"https:\/\/i2.wp.com\/zkn-verein.de\/wp-content\/uploads\/2020\/02\/4-1.jpg?fit=1024%2C944"}