{"id":728,"date":"2020-02-20T18:41:35","date_gmt":"2020-02-20T17:41:35","guid":{"rendered":"http:\/\/zkn-verein.de\/%d8%a7%d9%84%d9%85%d8%b3%d8%a4%d9%84%d9%8a%d8%a9-%d8%a7%d9%84%d9%82%d8%a7%d9%86%d9%88%d9%86%d9%8a%d8%a9\/"},"modified":"2025-07-29T13:42:26","modified_gmt":"2025-07-29T11:42:26","slug":"impressum","status":"publish","type":"page","link":"https:\/\/zkn-verein.de\/ar\/impressum\/","title":{"rendered":"\u0628\u064a\u0627\u0646\u0627\u062a \u0627\u0644\u0646\u0634\u0631"},"content":{"rendered":"<div id=\"content\">\n<div id=\"main-content-row\">\n<h2 style=\"text-align: right;\"><span style=\"color: #993300;\">\u0627\u0644\u0625\u0639\u0641\u0627\u0621 \u0627\u0644\u0636\u0631\u064a\u0628\u064a:<\/span><\/h2>\n<h3 style=\"text-align: right;\">\u062a\u064f\u0639\u0641\u0649 \u0645\u0624\u0633\u0633\u0629 \u201c\u0645\u0639\u0627\u064b \u0645\u0646 \u0623\u062c\u0644 \u0627\u0644\u0623\u0637\u0641\u0627\u0644 \u0627\u0644\u0645\u062d\u062a\u0627\u062c\u064a\u0646\u201d \u0645\u0646 \u0636\u0631\u064a\u0628\u0629 \u0627\u0644\u0634\u0631\u0643\u0627\u062a \u0648\u0641\u0642\u064b\u0627 \u0644\u0642\u0631\u0627\u0631 \u0645\u0635\u0644\u062d\u0629 \u0627\u0644\u0636\u0631\u0627\u0626\u0628 \u0641\u064a \u0645\u062f\u064a\u0646\u0629 \u0628\u0648\u0646 \u0627\u0644\u0623\u0644\u0645\u0627\u0646\u064a\u0629 \u0648\u0641\u0642\u0627 \u0644\u0644\u0642\u0627\u0646\u0648\u0646 \u0631\u0642\u0645 52 \u0627\u0644\u0645\u0627\u062f\u0629 2 \u0648\u0628\u0635\u0641\u062a\u0647\u0627 \u0645\u0624\u0633\u0633\u0629 \u062e\u064a\u0631\u064a\u0629 \u0630\u0627\u062a \u0646\u0641\u0639 \u0639\u0627\u0645 \u0641\u0623\u0646 \u0627\u0644\u0645\u062a\u0628\u0631\u0639\u064a\u0646 \u064a\u062d\u0635\u0644\u0648\u0646 \u0639\u0644\u0649 \u0625\u0639\u0641\u0627\u0621 \u0631\u0633\u0645\u064a \u0645\u0646 \u0627\u0644\u0636\u0631\u0627\u064a\u0628 \u0644\u0644\u0645\u0628\u0627\u0644\u063a \u0627\u0644\u062a\u0649 .\u064a\u062a\u0628\u0631\u0639\u0648\u0646 \u0628\u0647\u0627 \u0644\u0635\u0627\u0644\u062d \u0627\u0644\u0645\u0624\u0633\u0633\u0629<br \/>\u0627\u0644\u0631\u0642\u0645 \u0627\u0644\u0636\u0631\u064a\u0628\u064a: 205\/5771\/1428<\/h3>\n<h2 style=\"text-align: right;\"><span style=\"color: #993300;\">\u062a\u0633\u062c\u064a\u0644 \u0627\u0644\u0645\u0624\u0633\u0633\u0629:<\/span><\/h2>\n<h3 style=\"text-align: right;\">\u062a\u0645 \u062a\u0633\u062c\u064a\u0644 \u0627\u0644\u0645\u0624\u0633\u0633\u0629 \u0641\u0649 \u062a\u0627\u0631\u064a\u062e 26 \u0623\u0628\u0631\u064a\u0644 2019\u0641\u064a \u0645\u062d\u0643\u0645\u0629 \u0628\u0648\u0646 \u0627\u0644\u0645\u062d\u0644\u064a\u0629 \u0641\u0649 \u0623\u0644\u0645\u0627\u0646\u064a\u0627 \u0631\u0642\u0645 \u0627\u0644\u0633\u062c\u0644 \u0627\u0644\u0631\u0633\u0645\u064a \u0644\u0644\u0645\u0624\u0633\u0633\u0629 11480<\/h3>\n<h2 style=\"text-align: right;\"><span style=\"color: #993300;\">\u0627\u0644\u062a\u0648\u0627\u0635\u0644 \u0645\u0639 \u0627\u0644\u0645\u0624\u0633\u0633\u0629:<\/span><\/h2>\n<h3 style=\"text-align: right;\">Zusammen f\u00fcr Kinder in Not e.V.<\/h3>\n<h3 style=\"text-align: right;\">Schweidnitzer Weg 11<\/h3>\n<h3 style=\"text-align: right;\">53119 Bonn , Germany<\/h3>\n<h3 style=\"text-align: right;\">info@zkn-verein.de<br \/><a href=\"https:\/\/zkn-verein.de\/ar\/\" data-type=\"page\" data-id=\"7282\">www.zkn-verein.de<\/a><\/h3>\n<h2 style=\"text-align: right;\"><span style=\"color: #993300;\">\u062d\u0633\u0627\u0628 \u0627\u0644\u0645\u0624\u0633\u0633\u0629:<\/span><\/h2>\n<h3 style=\"text-align: right;\">Sparkasse K\u00f6lnBonn<br \/>IBAN: DE46 3705 0198 1934 8505 36<br \/>BIC: COLSDE33XXX<br \/>Paypal: info@zkn-verein.de<\/h3>\n<\/div>\n<\/div>\n\n\n<p><\/p>\n","protected":false},"excerpt":{"rendered":"<p>\u0627\u0644\u0625\u0639\u0641\u0627\u0621 \u0627\u0644\u0636\u0631\u064a\u0628\u064a: \u062a\u064f\u0639\u0641\u0649 \u0645\u0624\u0633\u0633\u0629 \u201c\u0645\u0639\u0627\u064b \u0645\u0646 \u0623\u062c\u0644 \u0627\u0644\u0623\u0637\u0641\u0627\u0644 \u0627\u0644\u0645\u062d\u062a\u0627\u062c\u064a\u0646\u201d \u0645\u0646 \u0636\u0631\u064a\u0628\u0629 \u0627\u0644\u0634\u0631\u0643\u0627\u062a \u0648\u0641\u0642\u064b\u0627 \u0644\u0642\u0631\u0627\u0631 \u0645\u0635\u0644\u062d\u0629 \u0627\u0644\u0636\u0631\u0627\u0626\u0628 \u0641\u064a \u0645\u062f\u064a\u0646\u0629 \u0628\u0648\u0646 \u0627\u0644\u0623\u0644\u0645\u0627\u0646\u064a\u0629 \u0648\u0641\u0642\u0627 \u0644\u0644\u0642\u0627\u0646\u0648\u0646 \u0631\u0642\u0645 52 \u0627\u0644\u0645\u0627\u062f\u0629 2 \u0648\u0628\u0635\u0641\u062a\u0647\u0627 \u0645\u0624\u0633\u0633\u0629 \u062e\u064a\u0631\u064a\u0629 \u0630\u0627\u062a \u0646\u0641\u0639 \u0639\u0627\u0645 \u0641\u0623\u0646 \u0627\u0644\u0645\u062a\u0628\u0631\u0639\u064a\u0646 \u064a\u062d\u0635\u0644\u0648\u0646 \u0639\u0644\u0649 \u0625\u0639\u0641\u0627\u0621 \u0631\u0633\u0645\u064a \u0645\u0646 \u0627\u0644\u0636\u0631\u0627\u064a\u0628 \u0644\u0644\u0645\u0628\u0627\u0644\u063a \u0627\u0644\u062a\u0649 .\u064a\u062a\u0628\u0631\u0639\u0648\u0646 \u0628\u0647\u0627 \u0644\u0635\u0627\u0644\u062d \u0627\u0644\u0645\u0624\u0633\u0633\u0629\u0627\u0644\u0631\u0642\u0645 \u0627\u0644\u0636\u0631\u064a\u0628\u064a: 205\/5771\/1428 \u062a\u0633\u062c\u064a\u0644 \u0627\u0644\u0645\u0624\u0633\u0633\u0629: \u062a\u0645 \u062a\u0633\u062c\u064a\u0644 \u0627\u0644\u0645\u0624\u0633\u0633\u0629 \u0641\u0649 \u062a\u0627\u0631\u064a\u062e &hellip;<\/p>\n","protected":false},"author":1,"featured_media":0,"parent":0,"menu_order":0,"comment_status":"closed","ping_status":"closed","template":"elementor_header_footer","meta":{"footnotes":""},"class_list":["post-728","page","type-page","status-publish","hentry"],"yoast_head":"<!-- This site is optimized with the Yoast SEO plugin v21.5 - https:\/\/yoast.com\/wordpress\/plugins\/seo\/ -->\n<title>\u0628\u064a\u0627\u0646\u0627\u062a \u0627\u0644\u0646\u0634\u0631 - Zusammen f\u00fcr Kinder in Not e.V.<\/title>\n<meta name=\"robots\" content=\"index, follow, max-snippet:-1, max-image-preview:large, max-video-preview:-1\" \/>\n<link rel=\"canonical\" href=\"https:\/\/zkn-verein.de\/ar\/impressum\/\" \/>\n<meta property=\"og:locale\" content=\"ar_AR\" \/>\n<meta property=\"og:type\" content=\"article\" \/>\n<meta property=\"og:title\" content=\"\u0628\u064a\u0627\u0646\u0627\u062a \u0627\u0644\u0646\u0634\u0631 - Zusammen f\u00fcr Kinder in Not e.V.\" \/>\n<meta property=\"og:description\" content=\"\u0627\u0644\u0625\u0639\u0641\u0627\u0621 \u0627\u0644\u0636\u0631\u064a\u0628\u064a: \u062a\u064f\u0639\u0641\u0649 \u0645\u0624\u0633\u0633\u0629 \u201c\u0645\u0639\u0627\u064b \u0645\u0646 \u0623\u062c\u0644 \u0627\u0644\u0623\u0637\u0641\u0627\u0644 \u0627\u0644\u0645\u062d\u062a\u0627\u062c\u064a\u0646\u201d \u0645\u0646 \u0636\u0631\u064a\u0628\u0629 \u0627\u0644\u0634\u0631\u0643\u0627\u062a \u0648\u0641\u0642\u064b\u0627 \u0644\u0642\u0631\u0627\u0631 \u0645\u0635\u0644\u062d\u0629 \u0627\u0644\u0636\u0631\u0627\u0626\u0628 \u0641\u064a \u0645\u062f\u064a\u0646\u0629 \u0628\u0648\u0646 \u0627\u0644\u0623\u0644\u0645\u0627\u0646\u064a\u0629 \u0648\u0641\u0642\u0627 \u0644\u0644\u0642\u0627\u0646\u0648\u0646 \u0631\u0642\u0645 52 \u0627\u0644\u0645\u0627\u062f\u0629 2 \u0648\u0628\u0635\u0641\u062a\u0647\u0627 \u0645\u0624\u0633\u0633\u0629 \u062e\u064a\u0631\u064a\u0629 \u0630\u0627\u062a \u0646\u0641\u0639 \u0639\u0627\u0645 \u0641\u0623\u0646 \u0627\u0644\u0645\u062a\u0628\u0631\u0639\u064a\u0646 \u064a\u062d\u0635\u0644\u0648\u0646 \u0639\u0644\u0649 \u0625\u0639\u0641\u0627\u0621 \u0631\u0633\u0645\u064a \u0645\u0646 \u0627\u0644\u0636\u0631\u0627\u064a\u0628 \u0644\u0644\u0645\u0628\u0627\u0644\u063a \u0627\u0644\u062a\u0649 .\u064a\u062a\u0628\u0631\u0639\u0648\u0646 \u0628\u0647\u0627 \u0644\u0635\u0627\u0644\u062d \u0627\u0644\u0645\u0624\u0633\u0633\u0629\u0627\u0644\u0631\u0642\u0645 \u0627\u0644\u0636\u0631\u064a\u0628\u064a: 205\/5771\/1428 \u062a\u0633\u062c\u064a\u0644 \u0627\u0644\u0645\u0624\u0633\u0633\u0629: \u062a\u0645 \u062a\u0633\u062c\u064a\u0644 \u0627\u0644\u0645\u0624\u0633\u0633\u0629 \u0641\u0649 \u062a\u0627\u0631\u064a\u062e &hellip;\" \/>\n<meta property=\"og:url\" content=\"https:\/\/zkn-verein.de\/ar\/impressum\/\" \/>\n<meta property=\"og:site_name\" content=\"Zusammen f\u00fcr Kinder in Not e.V.\" \/>\n<meta property=\"article:modified_time\" content=\"2025-07-29T11:42:26+00:00\" \/>\n<meta property=\"og:image\" content=\"https:\/\/zkn-verein.de\/wp-content\/uploads\/2023\/10\/\u0635\u0641\u062d\u0629-\u0631\u0626\u064a\u0633\u064a\u0629.jpg\" \/>\n\t<meta property=\"og:image:width\" content=\"1366\" \/>\n\t<meta property=\"og:image:height\" content=\"768\" \/>\n\t<meta property=\"og:image:type\" content=\"image\/jpeg\" \/>\n<meta name=\"twitter:card\" content=\"summary_large_image\" \/>\n<meta name=\"twitter:label1\" content=\"\u0648\u0642\u062a \u0627\u0644\u0642\u0631\u0627\u0621\u0629 \u0627\u0644\u0645\u064f\u0642\u062f\u0651\u0631\" \/>\n\t<meta name=\"twitter:data1\" content=\"\u062f\u0642\u064a\u0642\u0629 \u0648\u0627\u062d\u062f\u0629\" \/>\n<script type=\"application\/ld+json\" class=\"yoast-schema-graph\">{\"@context\":\"https:\/\/schema.org\",\"@graph\":[{\"@type\":\"WebPage\",\"@id\":\"https:\/\/zkn-verein.de\/ar\/impressum\/\",\"url\":\"https:\/\/zkn-verein.de\/ar\/impressum\/\",\"name\":\"\u0628\u064a\u0627\u0646\u0627\u062a \u0627\u0644\u0646\u0634\u0631 - Zusammen f\u00fcr Kinder in Not e.V.\",\"isPartOf\":{\"@id\":\"https:\/\/zkn-verein.de\/#website\"},\"datePublished\":\"2020-02-20T17:41:35+00:00\",\"dateModified\":\"2025-07-29T11:42:26+00:00\",\"inLanguage\":\"ar\",\"potentialAction\":[{\"@type\":\"ReadAction\",\"target\":[\"https:\/\/zkn-verein.de\/ar\/impressum\/\"]}]},{\"@type\":\"WebSite\",\"@id\":\"https:\/\/zkn-verein.de\/#website\",\"url\":\"https:\/\/zkn-verein.de\/\",\"name\":\"Zusammen f\u00fcr Kinder in Not e.V.\",\"description\":\"Zusammen f\u00fcr Kinder in Not e.V.\u201c, abgek\u00fcrzt: ZKN. Er hat den Sitz in Bonn \u2013 NRW- Deutschlad.  Der Verein setzt sich f\u00fcr bed\u00fcrftige und notleidende Kinder und Menschen weltweit, insbesondere in Entwicklungs- und Schwellenl\u00e4ndern sowie in Kriegs- und Krisengebieten. Der Verein ist konfessionell und politisch neutral. Die F\u00f6rderung ist nicht auf bestimmte L\u00e4nder oder Konfessionen beschr\u00e4nkt.\",\"potentialAction\":[{\"@type\":\"SearchAction\",\"target\":{\"@type\":\"EntryPoint\",\"urlTemplate\":\"https:\/\/zkn-verein.de\/?s={search_term_string}\"},\"query-input\":\"required name=search_term_string\"}],\"inLanguage\":\"ar\"}]}<\/script>\n<!-- \/ Yoast SEO plugin. -->","yoast_head_json":{"title":"\u0628\u064a\u0627\u0646\u0627\u062a \u0627\u0644\u0646\u0634\u0631 - Zusammen f\u00fcr Kinder in Not e.V.","robots":{"index":"index","follow":"follow","max-snippet":"max-snippet:-1","max-image-preview":"max-image-preview:large","max-video-preview":"max-video-preview:-1"},"canonical":"https:\/\/zkn-verein.de\/ar\/impressum\/","og_locale":"ar_AR","og_type":"article","og_title":"\u0628\u064a\u0627\u0646\u0627\u062a \u0627\u0644\u0646\u0634\u0631 - Zusammen f\u00fcr Kinder in Not e.V.","og_description":"\u0627\u0644\u0625\u0639\u0641\u0627\u0621 \u0627\u0644\u0636\u0631\u064a\u0628\u064a: \u062a\u064f\u0639\u0641\u0649 \u0645\u0624\u0633\u0633\u0629 \u201c\u0645\u0639\u0627\u064b \u0645\u0646 \u0623\u062c\u0644 \u0627\u0644\u0623\u0637\u0641\u0627\u0644 \u0627\u0644\u0645\u062d\u062a\u0627\u062c\u064a\u0646\u201d \u0645\u0646 \u0636\u0631\u064a\u0628\u0629 \u0627\u0644\u0634\u0631\u0643\u0627\u062a \u0648\u0641\u0642\u064b\u0627 \u0644\u0642\u0631\u0627\u0631 \u0645\u0635\u0644\u062d\u0629 \u0627\u0644\u0636\u0631\u0627\u0626\u0628 \u0641\u064a \u0645\u062f\u064a\u0646\u0629 \u0628\u0648\u0646 \u0627\u0644\u0623\u0644\u0645\u0627\u0646\u064a\u0629 \u0648\u0641\u0642\u0627 \u0644\u0644\u0642\u0627\u0646\u0648\u0646 \u0631\u0642\u0645 52 \u0627\u0644\u0645\u0627\u062f\u0629 2 \u0648\u0628\u0635\u0641\u062a\u0647\u0627 \u0645\u0624\u0633\u0633\u0629 \u062e\u064a\u0631\u064a\u0629 \u0630\u0627\u062a \u0646\u0641\u0639 \u0639\u0627\u0645 \u0641\u0623\u0646 \u0627\u0644\u0645\u062a\u0628\u0631\u0639\u064a\u0646 \u064a\u062d\u0635\u0644\u0648\u0646 \u0639\u0644\u0649 \u0625\u0639\u0641\u0627\u0621 \u0631\u0633\u0645\u064a \u0645\u0646 \u0627\u0644\u0636\u0631\u0627\u064a\u0628 \u0644\u0644\u0645\u0628\u0627\u0644\u063a \u0627\u0644\u062a\u0649 .\u064a\u062a\u0628\u0631\u0639\u0648\u0646 \u0628\u0647\u0627 \u0644\u0635\u0627\u0644\u062d \u0627\u0644\u0645\u0624\u0633\u0633\u0629\u0627\u0644\u0631\u0642\u0645 \u0627\u0644\u0636\u0631\u064a\u0628\u064a: 205\/5771\/1428 \u062a\u0633\u062c\u064a\u0644 \u0627\u0644\u0645\u0624\u0633\u0633\u0629: \u062a\u0645 \u062a\u0633\u062c\u064a\u0644 \u0627\u0644\u0645\u0624\u0633\u0633\u0629 \u0641\u0649 \u062a\u0627\u0631\u064a\u062e &hellip;","og_url":"https:\/\/zkn-verein.de\/ar\/impressum\/","og_site_name":"Zusammen f\u00fcr Kinder in Not e.V.","article_modified_time":"2025-07-29T11:42:26+00:00","og_image":[{"width":1366,"height":768,"url":"https:\/\/zkn-verein.de\/wp-content\/uploads\/2023\/10\/\u0635\u0641\u062d\u0629-\u0631\u0626\u064a\u0633\u064a\u0629.jpg","type":"image\/jpeg"}],"twitter_card":"summary_large_image","twitter_misc":{"\u0648\u0642\u062a \u0627\u0644\u0642\u0631\u0627\u0621\u0629 \u0627\u0644\u0645\u064f\u0642\u062f\u0651\u0631":"\u062f\u0642\u064a\u0642\u0629 \u0648\u0627\u062d\u062f\u0629"},"schema":{"@context":"https:\/\/schema.org","@graph":[{"@type":"WebPage","@id":"https:\/\/zkn-verein.de\/ar\/impressum\/","url":"https:\/\/zkn-verein.de\/ar\/impressum\/","name":"\u0628\u064a\u0627\u0646\u0627\u062a \u0627\u0644\u0646\u0634\u0631 - Zusammen f\u00fcr Kinder in Not e.V.","isPartOf":{"@id":"https:\/\/zkn-verein.de\/#website"},"datePublished":"2020-02-20T17:41:35+00:00","dateModified":"2025-07-29T11:42:26+00:00","inLanguage":"ar","potentialAction":[{"@type":"ReadAction","target":["https:\/\/zkn-verein.de\/ar\/impressum\/"]}]},{"@type":"WebSite","@id":"https:\/\/zkn-verein.de\/#website","url":"https:\/\/zkn-verein.de\/","name":"Zusammen f\u00fcr Kinder in Not e.V.","description":"Zusammen f\u00fcr Kinder in Not e.V.\u201c, abgek\u00fcrzt: ZKN. Er hat den Sitz in Bonn \u2013 NRW- Deutschlad.  Der Verein setzt sich f\u00fcr bed\u00fcrftige und notleidende Kinder und Menschen weltweit, insbesondere in Entwicklungs- und Schwellenl\u00e4ndern sowie in Kriegs- und Krisengebieten. Der Verein ist konfessionell und politisch neutral. Die F\u00f6rderung ist nicht auf bestimmte L\u00e4nder oder Konfessionen beschr\u00e4nkt.","potentialAction":[{"@type":"SearchAction","target":{"@type":"EntryPoint","urlTemplate":"https:\/\/zkn-verein.de\/?s={search_term_string}"},"query-input":"required name=search_term_string"}],"inLanguage":"ar"}]}},"_links":{"self":[{"href":"https:\/\/zkn-verein.de\/ar\/wp-json\/wp\/v2\/pages\/728","targetHints":{"allow":["GET"]}}],"collection":[{"href":"https:\/\/zkn-verein.de\/ar\/wp-json\/wp\/v2\/pages"}],"about":[{"href":"https:\/\/zkn-verein.de\/ar\/wp-json\/wp\/v2\/types\/page"}],"author":[{"embeddable":true,"href":"https:\/\/zkn-verein.de\/ar\/wp-json\/wp\/v2\/users\/1"}],"replies":[{"embeddable":true,"href":"https:\/\/zkn-verein.de\/ar\/wp-json\/wp\/v2\/comments?post=728"}],"version-history":[{"count":3,"href":"https:\/\/zkn-verein.de\/ar\/wp-json\/wp\/v2\/pages\/728\/revisions"}],"predecessor-version":[{"id":17156,"href":"https:\/\/zkn-verein.de\/ar\/wp-json\/wp\/v2\/pages\/728\/revisions\/17156"}],"wp:attachment":[{"href":"https:\/\/zkn-verein.de\/ar\/wp-json\/wp\/v2\/media?parent=728"}],"curies":[{"name":"wp","href":"https:\/\/api.w.org\/{rel}","templated":true}]}}