{"id":251,"date":"2020-01-10T23:51:56","date_gmt":"2020-01-10T22:51:56","guid":{"rendered":"http:\/\/zkn-verein.de\/?page_id=251"},"modified":"2020-01-10T23:51:56","modified_gmt":"2020-01-10T22:51:56","slug":"soziale-und-kulturelle-teilhabe-2","status":"publish","type":"page","link":"https:\/\/zkn-verein.de\/ar\/soziale-und-kulturelle-teilhabe-2\/","title":{"rendered":"Soziale und kulturelle Teilhabe"},"content":{"rendered":"\n<p class=\"has-text-color has-vivid-cyan-blue-color\"><strong>Allgemeines<\/strong><\/p>\n\n\n\n<p>Um traumatisierende Situationen infolge von Naturkatastrophen bzw. Gewalterfahrungen zu bew\u00e4ltigen, bietet der Verein \u201eZusammen f\u00fcr Kinder in Not\u201c entsprechende Beratungen sowie Erholungs- und Freizeitma\u00dfnahmen an. Dabei wird die k\u00f6rperliche und geistige Partizipation der Kinder gef\u00f6rdert und gest\u00e4rkt. Denn laut UN-Kinderrechtskonvention haben Kinder Recht auf Ruhe und Freizeit, auf Spiel und altersgem\u00e4\u00dfe aktive Erholung sowie auf freie Teilnahme am kulturellen und k\u00fcnstlerischen Leben.<\/p>\n\n\n\n<figure class=\"wp-block-image size-large is-resized\"><img loading=\"lazy\" decoding=\"async\" src=\"https:\/\/i2.wp.com\/zkn-verein.de\/wp-content\/uploads\/2020\/02\/4-1.jpg?fit=1024%2C944\" alt=\"\" class=\"wp-image-1001\" width=\"708\" height=\"652\"\/><\/figure>\n","protected":false},"excerpt":{"rendered":"<p>Allgemeines Um traumatisierende Situationen infolge von Naturkatastrophen bzw. Gewalterfahrungen zu bew\u00e4ltigen, bietet der Verein \u201eZusammen f\u00fcr Kinder in Not\u201c entsprechende Beratungen sowie Erholungs- und Freizeitma\u00dfnahmen an. Dabei wird die k\u00f6rperliche und geistige Partizipation der Kinder gef\u00f6rdert und gest\u00e4rkt. Denn laut UN-Kinderrechtskonvention haben Kinder Recht auf Ruhe und Freizeit, auf Spiel und altersgem\u00e4\u00dfe aktive Erholung sowie &hellip;<\/p>\n","protected":false},"author":1,"featured_media":0,"parent":0,"menu_order":0,"comment_status":"closed","ping_status":"open","template":"","meta":{"footnotes":""},"class_list":["post-251","page","type-page","status-publish","hentry"],"yoast_head":"<!-- This site is optimized with the Yoast SEO plugin v21.5 - https:\/\/yoast.com\/wordpress\/plugins\/seo\/ -->\n<title>Soziale und kulturelle Teilhabe - Zusammen f\u00fcr Kinder in Not e.V.<\/title>\n<meta name=\"robots\" content=\"index, follow, max-snippet:-1, max-image-preview:large, max-video-preview:-1\" \/>\n<link rel=\"canonical\" href=\"https:\/\/zkn-verein.de\/soziale-und-kulturelle-teilhabe-2\/\" \/>\n<meta property=\"og:locale\" content=\"ar_AR\" \/>\n<meta property=\"og:type\" content=\"article\" \/>\n<meta property=\"og:title\" content=\"Soziale und kulturelle Teilhabe - Zusammen f\u00fcr Kinder in Not e.V.\" \/>\n<meta property=\"og:description\" content=\"Allgemeines Um traumatisierende Situationen infolge von Naturkatastrophen bzw. Gewalterfahrungen zu bew\u00e4ltigen, bietet der Verein \u201eZusammen f\u00fcr Kinder in Not\u201c entsprechende Beratungen sowie Erholungs- und Freizeitma\u00dfnahmen an. Dabei wird die k\u00f6rperliche und geistige Partizipation der Kinder gef\u00f6rdert und gest\u00e4rkt. Denn laut UN-Kinderrechtskonvention haben Kinder Recht auf Ruhe und Freizeit, auf Spiel und altersgem\u00e4\u00dfe aktive Erholung sowie &hellip;\" \/>\n<meta property=\"og:url\" content=\"https:\/\/zkn-verein.de\/soziale-und-kulturelle-teilhabe-2\/\" \/>\n<meta property=\"og:site_name\" content=\"Zusammen f\u00fcr Kinder in Not e.V.\" \/>\n<meta property=\"og:image\" content=\"https:\/\/i2.wp.com\/zkn-verein.de\/wp-content\/uploads\/2020\/02\/4-1.jpg?fit=1024%2C944\" \/>\n<meta name=\"twitter:card\" content=\"summary_large_image\" \/>\n<script type=\"application\/ld+json\" class=\"yoast-schema-graph\">{\"@context\":\"https:\/\/schema.org\",\"@graph\":[{\"@type\":\"WebPage\",\"@id\":\"https:\/\/zkn-verein.de\/soziale-und-kulturelle-teilhabe-2\/\",\"url\":\"https:\/\/zkn-verein.de\/soziale-und-kulturelle-teilhabe-2\/\",\"name\":\"Soziale und kulturelle Teilhabe - Zusammen f\u00fcr Kinder in Not e.V.\",\"isPartOf\":{\"@id\":\"https:\/\/zkn-verein.de\/#website\"},\"datePublished\":\"2020-01-10T22:51:56+00:00\",\"dateModified\":\"2020-01-10T22:51:56+00:00\",\"inLanguage\":\"ar\",\"potentialAction\":[{\"@type\":\"ReadAction\",\"target\":[\"https:\/\/zkn-verein.de\/soziale-und-kulturelle-teilhabe-2\/\"]}]},{\"@type\":\"WebSite\",\"@id\":\"https:\/\/zkn-verein.de\/#website\",\"url\":\"https:\/\/zkn-verein.de\/\",\"name\":\"Zusammen f\u00fcr Kinder in Not e.V.\",\"description\":\"Zusammen f\u00fcr Kinder in Not e.V.\u201c, abgek\u00fcrzt: ZKN. Er hat den Sitz in Bonn \u2013 NRW- Deutschlad.  Der Verein setzt sich f\u00fcr bed\u00fcrftige und notleidende Kinder und Menschen weltweit, insbesondere in Entwicklungs- und Schwellenl\u00e4ndern sowie in Kriegs- und Krisengebieten. Der Verein ist konfessionell und politisch neutral. Die F\u00f6rderung ist nicht auf bestimmte L\u00e4nder oder Konfessionen beschr\u00e4nkt.\",\"potentialAction\":[{\"@type\":\"SearchAction\",\"target\":{\"@type\":\"EntryPoint\",\"urlTemplate\":\"https:\/\/zkn-verein.de\/?s={search_term_string}\"},\"query-input\":\"required name=search_term_string\"}],\"inLanguage\":\"ar\"}]}<\/script>\n<!-- \/ Yoast SEO plugin. -->","yoast_head_json":{"title":"Soziale und kulturelle Teilhabe - Zusammen f\u00fcr Kinder in Not e.V.","robots":{"index":"index","follow":"follow","max-snippet":"max-snippet:-1","max-image-preview":"max-image-preview:large","max-video-preview":"max-video-preview:-1"},"canonical":"https:\/\/zkn-verein.de\/soziale-und-kulturelle-teilhabe-2\/","og_locale":"ar_AR","og_type":"article","og_title":"Soziale und kulturelle Teilhabe - Zusammen f\u00fcr Kinder in Not e.V.","og_description":"Allgemeines Um traumatisierende Situationen infolge von Naturkatastrophen bzw. Gewalterfahrungen zu bew\u00e4ltigen, bietet der Verein \u201eZusammen f\u00fcr Kinder in Not\u201c entsprechende Beratungen sowie Erholungs- und Freizeitma\u00dfnahmen an. Dabei wird die k\u00f6rperliche und geistige Partizipation der Kinder gef\u00f6rdert und gest\u00e4rkt. Denn laut UN-Kinderrechtskonvention haben Kinder Recht auf Ruhe und Freizeit, auf Spiel und altersgem\u00e4\u00dfe aktive Erholung sowie &hellip;","og_url":"https:\/\/zkn-verein.de\/soziale-und-kulturelle-teilhabe-2\/","og_site_name":"Zusammen f\u00fcr Kinder in Not e.V.","og_image":[{"url":"https:\/\/i2.wp.com\/zkn-verein.de\/wp-content\/uploads\/2020\/02\/4-1.jpg?fit=1024%2C944"}],"twitter_card":"summary_large_image","schema":{"@context":"https:\/\/schema.org","@graph":[{"@type":"WebPage","@id":"https:\/\/zkn-verein.de\/soziale-und-kulturelle-teilhabe-2\/","url":"https:\/\/zkn-verein.de\/soziale-und-kulturelle-teilhabe-2\/","name":"Soziale und kulturelle Teilhabe - Zusammen f\u00fcr Kinder in Not e.V.","isPartOf":{"@id":"https:\/\/zkn-verein.de\/#website"},"datePublished":"2020-01-10T22:51:56+00:00","dateModified":"2020-01-10T22:51:56+00:00","inLanguage":"ar","potentialAction":[{"@type":"ReadAction","target":["https:\/\/zkn-verein.de\/soziale-und-kulturelle-teilhabe-2\/"]}]},{"@type":"WebSite","@id":"https:\/\/zkn-verein.de\/#website","url":"https:\/\/zkn-verein.de\/","name":"Zusammen f\u00fcr Kinder in Not e.V.","description":"Zusammen f\u00fcr Kinder in Not e.V.\u201c, abgek\u00fcrzt: ZKN. Er hat den Sitz in Bonn \u2013 NRW- Deutschlad.  Der Verein setzt sich f\u00fcr bed\u00fcrftige und notleidende Kinder und Menschen weltweit, insbesondere in Entwicklungs- und Schwellenl\u00e4ndern sowie in Kriegs- und Krisengebieten. Der Verein ist konfessionell und politisch neutral. Die F\u00f6rderung ist nicht auf bestimmte L\u00e4nder oder Konfessionen beschr\u00e4nkt.","potentialAction":[{"@type":"SearchAction","target":{"@type":"EntryPoint","urlTemplate":"https:\/\/zkn-verein.de\/?s={search_term_string}"},"query-input":"required name=search_term_string"}],"inLanguage":"ar"}]}},"_links":{"self":[{"href":"https:\/\/zkn-verein.de\/ar\/wp-json\/wp\/v2\/pages\/251","targetHints":{"allow":["GET"]}}],"collection":[{"href":"https:\/\/zkn-verein.de\/ar\/wp-json\/wp\/v2\/pages"}],"about":[{"href":"https:\/\/zkn-verein.de\/ar\/wp-json\/wp\/v2\/types\/page"}],"author":[{"embeddable":true,"href":"https:\/\/zkn-verein.de\/ar\/wp-json\/wp\/v2\/users\/1"}],"replies":[{"embeddable":true,"href":"https:\/\/zkn-verein.de\/ar\/wp-json\/wp\/v2\/comments?post=251"}],"version-history":[{"count":0,"href":"https:\/\/zkn-verein.de\/ar\/wp-json\/wp\/v2\/pages\/251\/revisions"}],"wp:attachment":[{"href":"https:\/\/zkn-verein.de\/ar\/wp-json\/wp\/v2\/media?parent=251"}],"curies":[{"name":"wp","href":"https:\/\/api.w.org\/{rel}","templated":true}]}}